{"id":1005,"date":"2026-03-16T09:37:17","date_gmt":"2026-03-16T09:37:17","guid":{"rendered":"https:\/\/pruebas.dosocero.com\/?page_id=1005"},"modified":"2026-03-16T09:39:56","modified_gmt":"2026-03-16T09:39:56","slug":"bases-del-xxv-premio-paul-beckett-de-poesia","status":"publish","type":"page","link":"https:\/\/pruebas.dosocero.com\/index.php\/bases-del-xxv-premio-paul-beckett-de-poesia\/","title":{"rendered":"BASES DEL XXV PREMIO PAUL BECKETT DE POES\u00cdA\u00a0"},"content":{"rendered":"<p>[et_pb_section fb_built=\u00bb1&#8243; _builder_version=\u00bb4.27.5&#8243; _module_preset=\u00bbdefault\u00bb custom_padding=\u00bb||14px|||\u00bb global_colors_info=\u00bb{}\u00bb theme_builder_area=\u00bbpost_content\u00bb][et_pb_row _builder_version=\u00bb4.27.5&#8243; _module_preset=\u00bbdefault\u00bb custom_padding=\u00bb70px||42px|||\u00bb global_colors_info=\u00bb{}\u00bb theme_builder_area=\u00bbpost_content\u00bb][et_pb_column type=\u00bb4_4&#8243; _builder_version=\u00bb4.27.5&#8243; _module_preset=\u00bbdefault\u00bb global_colors_info=\u00bb{}\u00bb theme_builder_area=\u00bbpost_content\u00bb][et_pb_text _builder_version=\u00bb4.27.5&#8243; _module_preset=\u00bbb327cbe4-b1d5-4b66-ad37-40c8f2f061ba\u00bb header_2_font=\u00bbPlayfair Display|700|||||||\u00bb header_2_text_color=\u00bb#000000&#8243; header_2_font_size=\u00bb45px\u00bb header_2_line_height=\u00bb1.35em\u00bb header_3_font=\u00bbPlayfair Display||||||||\u00bb header_3_font_size=\u00bb40px\u00bb header_3_line_height=\u00bb1.5em\u00bb custom_margin=\u00bb-6px|||||\u00bb custom_padding=\u00bb|0px||||\u00bb header_2_font_size_tablet=\u00bb32px\u00bb header_2_font_size_phone=\u00bb20px\u00bb header_2_font_size_last_edited=\u00bbon|desktop\u00bb locked=\u00bboff\u00bb global_colors_info=\u00bb{}\u00bb theme_builder_area=\u00bbpost_content\u00bb]<\/p>\n<h3><span>Bases del XXV premio Paul Beckett de poes\u00eda<\/span><\/h3>\n<p>[\/et_pb_text][et_pb_text _builder_version=\u00bb4.27.5&#8243; _module_preset=\u00bb1f09816e-184e-4ce5-a4cf-b39c52c423ca\u00bb text_font=\u00bbMontserrat|300|||||||\u00bb text_line_height=\u00bb1.8em\u00bb background_color=\u00bbRGBA(255,255,255,0)\u00bb custom_margin=\u00bb2px|0px||0px|false|false\u00bb custom_padding=\u00bb|0px||0px|false|false\u00bb hover_enabled=\u00bb0&#8243; text_font_size_tablet=\u00bb15px\u00bb text_font_size_phone=\u00bb14px\u00bb text_font_size_last_edited=\u00bbon|phone\u00bb header_font_size_tablet=\u00bb55px\u00bb header_font_size_last_edited=\u00bboff|desktop\u00bb locked=\u00bboff\u00bb global_colors_info=\u00bb{}\u00bb theme_builder_area=\u00bbpost_content\u00bb link_text_color=\u00bb#000000&#8243; link_font=\u00bb|700|||on||||\u00bb sticky_enabled=\u00bb0&#8243;]<\/p>\n<p>La Fundaci\u00f3n Valpara\u00edso convoca la vig\u00e9simo quinta edici\u00f3n del premio de poes\u00eda \u201cPaul Beckett\u201d que se otorgar\u00e1 a un libro o colecci\u00f3n de poemas, con arreglo a las siguientes bases:<\/p>\n<ol>\n<li>Podr\u00e1n concursar autores de cualquier nacionalidad con obras escritas en castellano. Los trabajos que presenten, de forma y tema libres, tendr\u00e1n la extensi\u00f3n habitual de un libro de poes\u00eda, pero, en todo caso, no podr\u00e1 ser superior a los 700 versos o renglones, si se trata de prosa po\u00e9tica. No podr\u00e1n concurrir los autores premiados en anteriores convocatorias.<\/li>\n<li>El 17 de febrero, a las 23:59 h., ser\u00e1 el \u00faltimo d\u00eda para presentar originales.<\/li>\n<li>Los originales presentados deber\u00e1n ser in\u00e9ditos en su totalidad, en cualquier soporte. Si antes del fallo del jurado alguna de las obras presentadas obtuviera otro premio, el autor deber\u00e1 comunicarlo por correo electr\u00f3nico a la siguiente direcci\u00f3n:<\/li>\n<\/ol>\n<p><a href=\"mailto:premiopaulbeckett@fundacionpalparaiso.com\">premiopaulbeckett@fundacionvalparaiso.com<\/a>\u00a0<\/p>\n<ol start=\"4\">\n<li>Las obras se presentar\u00e1n con seud\u00f3nimo por correo electr\u00f3nico a la direcci\u00f3n <a href=\"mailto:premiopaulbeckett@fundacionpalparaiso.com\">premiopaulbeckett@fundacionvalparaiso.com<\/a>. Con el asunto \u201cXXV Premio Paul Beckett de Poes\u00eda\u201d se adjuntar\u00e1n dos archivos en PDF:<\/li>\n<\/ol>\n<ul>\n<li>En el primer archivo, la obra, presentada bajo seud\u00f3nimo, que se indicar\u00e1 en la portada, junto con el t\u00edtulo. Ni en la obra ni en el archivo debe aparecer ning\u00fan dato que muestre la identidad del autor. Este archivo deber\u00e1 titularse: <em>T\u00edtulo de la obra_OBRA.<\/em><\/li>\n<li>En el segundo archivo, una plica, en la que se indicar\u00e1 el t\u00edtulo de la obra, el seud\u00f3nimo y los datos del autor: nombre y apellidos, n\u00famero del Documento Nacional de Identidad, domicilio, tel\u00e9fono, correo electr\u00f3nico y una breve nota biogr\u00e1fica. Este archivo deber\u00e1 titularse: <em>T\u00edtulo de la obra_PLICA.<\/em><\/li>\n<\/ul>\n<ol start=\"5\">\n<li>El jurado estar\u00e1 formado por cinco miembros de reconocido prestigio en el campo de la literatura y un sexto miembro vinculado a la Fundaci\u00f3n Valpara\u00edso, con voz, pero sin voto. Sus nombres se har\u00e1n p\u00fablicos tras el fallo del premio. La organizaci\u00f3n recurrir\u00e1 a la colaboraci\u00f3n de los correspondientes preseleccionadores, siempre debidamente cualificados.<\/li>\n<li>El fallo del jurado tendr\u00e1 lugar durante la primera quincena de marzo de 2025. Los originales no premiados ser\u00e1n destruidos inmediatamente despu\u00e9s de dicho fallo. En ninguna parte del proceso se mantendr\u00e1 comunicaci\u00f3n con los participantes, ni a trav\u00e9s de la direcci\u00f3n de correo electr\u00f3nico habilitada para el premio ni desde la Fundaci\u00f3n Valpara\u00edso. Tampoco existir\u00e1 comunicaci\u00f3n con los participantes tras el fallo, exceptuando al ganador.<\/li>\n<li>El premio consistir\u00e1 en 3.000 euros para el autor de la obra ganadora, sujetos a las retenciones marcadas por la ley. La obra premiada ser\u00e1 editada por <a href=\"https:\/\/www.bajamareditores.com\/\">BajAmar Editores<\/a>, en una colecci\u00f3n dise\u00f1ada especialmente para el premio, antes del acto de entrega, que tendr\u00e1 lugar en la \u00faltima semana de marzo de 2025. La tirada ser\u00e1 de 300 ejemplares, de los cuales 25 ser\u00e1n regalados al ganador, 50 se destinar\u00e1n a la Fundaci\u00f3n y 10 a prensa. El resto ser\u00e1n comercializados por la editorial. El importe del premio cubrir\u00e1 los derechos de autor correspondientes a la primera edici\u00f3n de la obra. Si bien el jurado podr\u00e1 declarar desierto el concurso si, a su juicio, ning\u00fan trabajo re\u00fane m\u00e9ritos suficientes para obtener el premio, no se contempla la figura del <em>exaequo <\/em>ni de los acc\u00e9sits; tampoco se publicar\u00e1 el listado de los finalistas.<\/li>\n<li>El autor se compromete a asistir a la entrega del premio, salvo causa suficientemente justificada a criterio de la organizaci\u00f3n, que tendr\u00e1 lugar en Madrid durante la \u00faltima semana de marzo de 2025. Tambi\u00e9n se compromete a revisar las pruebas del libro proporcionadas por la editorial en el menor tiempo posible para facilitar el proceso de edici\u00f3n. Adem\u00e1s, estar\u00e1 obligado a suscribir el oportuno contrato de edici\u00f3n seg\u00fan los t\u00e9rminos expuestos en estas bases y en la legislaci\u00f3n de la Propiedad Intelectual Espa\u00f1ola y cuantos contratos y documentos sean necesarios para la protecci\u00f3n de los derechos de explotaci\u00f3n cedidos a la editorial BajAmar Editores y para la inscripci\u00f3n de la obra en los registros de la Propiedad Intelectual de los pa\u00edses donde sea comercializada. El contenido de las presentes bases tendr\u00e1 la consideraci\u00f3n de contrato de cesi\u00f3n de derechos entre la editorial y el ganador.<\/li>\n<\/ol>\n<p>Al aceptar el premio, el participante ganador consiente autom\u00e1ticamente la utilizaci\u00f3n por parte de la Fundaci\u00f3n Valpara\u00edso de su imagen y nombre en la promoci\u00f3n por cualquier medio (impresos, radiof\u00f3nicos, televisivos, telefon\u00eda m\u00f3vil o Internet) del Concurso y los fines fundacionales de la Fundaci\u00f3n Valpara\u00edso.<\/p>\n<ol start=\"9\">\n<li>La presentaci\u00f3n a este premio supone la\u00a0aceptaci\u00f3n plena de sus bases. Las decisiones del jurado ser\u00e1n inapelables.<\/li>\n<\/ol>\n<p>[\/et_pb_text][\/et_pb_column][\/et_pb_row][\/et_pb_section]<\/p>\n","protected":false},"excerpt":{"rendered":"<p>Bases del XXV premio Paul Beckett de poes\u00edaLa Fundaci\u00f3n Valpara\u00edso convoca la vig\u00e9simo quinta edici\u00f3n del premio de poes\u00eda \u201cPaul Beckett\u201d que se otorgar\u00e1 a un libro o colecci\u00f3n de poemas, con arreglo a las siguientes bases: Podr\u00e1n concursar autores de cualquier nacionalidad con obras escritas en castellano. Los trabajos que presenten, de forma y [&hellip;]<\/p>\n","protected":false},"author":1,"featured_media":0,"parent":0,"menu_order":0,"comment_status":"closed","ping_status":"closed","template":"","meta":{"_et_pb_use_builder":"on","_et_pb_old_content":"<!-- wp:divi\/placeholder \/-->","_et_gb_content_width":"","footnotes":""},"class_list":["post-1005","page","type-page","status-publish","hentry"],"yoast_head":"<!-- This site is optimized with the Yoast SEO plugin v26.9 - https:\/\/yoast.com\/product\/yoast-seo-wordpress\/ -->\n<title>BASES DEL XXV PREMIO PAUL BECKETT DE POES\u00cdA\u00a0 - PRUEBAS<\/title>\n<meta name=\"robots\" content=\"index, follow, max-snippet:-1, max-image-preview:large, max-video-preview:-1\" \/>\n<link rel=\"canonical\" href=\"https:\/\/pruebas.dosocero.com\/index.php\/bases-del-xxv-premio-paul-beckett-de-poesia\/\" \/>\n<meta property=\"og:locale\" content=\"es_ES\" \/>\n<meta property=\"og:type\" content=\"article\" \/>\n<meta property=\"og:title\" content=\"BASES DEL XXV PREMIO PAUL BECKETT DE POES\u00cdA\u00a0 - PRUEBAS\" \/>\n<meta property=\"og:description\" content=\"Bases del XXV premio Paul Beckett de poes\u00edaLa Fundaci\u00f3n Valpara\u00edso convoca la vig\u00e9simo quinta edici\u00f3n del premio de poes\u00eda \u201cPaul Beckett\u201d que se otorgar\u00e1 a un libro o colecci\u00f3n de poemas, con arreglo a las siguientes bases: Podr\u00e1n concursar autores de cualquier nacionalidad con obras escritas en castellano. Los trabajos que presenten, de forma y [&hellip;]\" \/>\n<meta property=\"og:url\" content=\"https:\/\/pruebas.dosocero.com\/index.php\/bases-del-xxv-premio-paul-beckett-de-poesia\/\" \/>\n<meta property=\"og:site_name\" content=\"PRUEBAS\" \/>\n<meta property=\"article:modified_time\" content=\"2026-03-16T09:39:56+00:00\" \/>\n<meta name=\"twitter:card\" content=\"summary_large_image\" \/>\n<script type=\"application\/ld+json\" class=\"yoast-schema-graph\">{\"@context\":\"https:\/\/schema.org\",\"@graph\":[{\"@type\":\"WebPage\",\"@id\":\"https:\/\/pruebas.dosocero.com\/index.php\/bases-del-xxv-premio-paul-beckett-de-poesia\/\",\"url\":\"https:\/\/pruebas.dosocero.com\/index.php\/bases-del-xxv-premio-paul-beckett-de-poesia\/\",\"name\":\"BASES DEL XXV PREMIO PAUL BECKETT DE POES\u00cdA\u00a0 - PRUEBAS\",\"isPartOf\":{\"@id\":\"https:\/\/pruebas.dosocero.com\/#website\"},\"datePublished\":\"2026-03-16T09:37:17+00:00\",\"dateModified\":\"2026-03-16T09:39:56+00:00\",\"breadcrumb\":{\"@id\":\"https:\/\/pruebas.dosocero.com\/index.php\/bases-del-xxv-premio-paul-beckett-de-poesia\/#breadcrumb\"},\"inLanguage\":\"es\",\"potentialAction\":[{\"@type\":\"ReadAction\",\"target\":[\"https:\/\/pruebas.dosocero.com\/index.php\/bases-del-xxv-premio-paul-beckett-de-poesia\/\"]}]},{\"@type\":\"BreadcrumbList\",\"@id\":\"https:\/\/pruebas.dosocero.com\/index.php\/bases-del-xxv-premio-paul-beckett-de-poesia\/#breadcrumb\",\"itemListElement\":[{\"@type\":\"ListItem\",\"position\":1,\"name\":\"Portada\",\"item\":\"https:\/\/pruebas.dosocero.com\/\"},{\"@type\":\"ListItem\",\"position\":2,\"name\":\"BASES DEL XXV PREMIO PAUL BECKETT DE POES\u00cdA\u00a0\"}]},{\"@type\":\"WebSite\",\"@id\":\"https:\/\/pruebas.dosocero.com\/#website\",\"url\":\"https:\/\/pruebas.dosocero.com\/\",\"name\":\"PRUEBAS\",\"description\":\"S&oacute;lo otro sitio de WordPress\",\"potentialAction\":[{\"@type\":\"SearchAction\",\"target\":{\"@type\":\"EntryPoint\",\"urlTemplate\":\"https:\/\/pruebas.dosocero.com\/?s={search_term_string}\"},\"query-input\":{\"@type\":\"PropertyValueSpecification\",\"valueRequired\":true,\"valueName\":\"search_term_string\"}}],\"inLanguage\":\"es\"}]}<\/script>\n<!-- \/ Yoast SEO plugin. -->","yoast_head_json":{"title":"BASES DEL XXV PREMIO PAUL BECKETT DE POES\u00cdA\u00a0 - PRUEBAS","robots":{"index":"index","follow":"follow","max-snippet":"max-snippet:-1","max-image-preview":"max-image-preview:large","max-video-preview":"max-video-preview:-1"},"canonical":"https:\/\/pruebas.dosocero.com\/index.php\/bases-del-xxv-premio-paul-beckett-de-poesia\/","og_locale":"es_ES","og_type":"article","og_title":"BASES DEL XXV PREMIO PAUL BECKETT DE POES\u00cdA\u00a0 - PRUEBAS","og_description":"Bases del XXV premio Paul Beckett de poes\u00edaLa Fundaci\u00f3n Valpara\u00edso convoca la vig\u00e9simo quinta edici\u00f3n del premio de poes\u00eda \u201cPaul Beckett\u201d que se otorgar\u00e1 a un libro o colecci\u00f3n de poemas, con arreglo a las siguientes bases: Podr\u00e1n concursar autores de cualquier nacionalidad con obras escritas en castellano. Los trabajos que presenten, de forma y [&hellip;]","og_url":"https:\/\/pruebas.dosocero.com\/index.php\/bases-del-xxv-premio-paul-beckett-de-poesia\/","og_site_name":"PRUEBAS","article_modified_time":"2026-03-16T09:39:56+00:00","twitter_card":"summary_large_image","schema":{"@context":"https:\/\/schema.org","@graph":[{"@type":"WebPage","@id":"https:\/\/pruebas.dosocero.com\/index.php\/bases-del-xxv-premio-paul-beckett-de-poesia\/","url":"https:\/\/pruebas.dosocero.com\/index.php\/bases-del-xxv-premio-paul-beckett-de-poesia\/","name":"BASES DEL XXV PREMIO PAUL BECKETT DE POES\u00cdA\u00a0 - PRUEBAS","isPartOf":{"@id":"https:\/\/pruebas.dosocero.com\/#website"},"datePublished":"2026-03-16T09:37:17+00:00","dateModified":"2026-03-16T09:39:56+00:00","breadcrumb":{"@id":"https:\/\/pruebas.dosocero.com\/index.php\/bases-del-xxv-premio-paul-beckett-de-poesia\/#breadcrumb"},"inLanguage":"es","potentialAction":[{"@type":"ReadAction","target":["https:\/\/pruebas.dosocero.com\/index.php\/bases-del-xxv-premio-paul-beckett-de-poesia\/"]}]},{"@type":"BreadcrumbList","@id":"https:\/\/pruebas.dosocero.com\/index.php\/bases-del-xxv-premio-paul-beckett-de-poesia\/#breadcrumb","itemListElement":[{"@type":"ListItem","position":1,"name":"Portada","item":"https:\/\/pruebas.dosocero.com\/"},{"@type":"ListItem","position":2,"name":"BASES DEL XXV PREMIO PAUL BECKETT DE POES\u00cdA\u00a0"}]},{"@type":"WebSite","@id":"https:\/\/pruebas.dosocero.com\/#website","url":"https:\/\/pruebas.dosocero.com\/","name":"PRUEBAS","description":"S&oacute;lo otro sitio de WordPress","potentialAction":[{"@type":"SearchAction","target":{"@type":"EntryPoint","urlTemplate":"https:\/\/pruebas.dosocero.com\/?s={search_term_string}"},"query-input":{"@type":"PropertyValueSpecification","valueRequired":true,"valueName":"search_term_string"}}],"inLanguage":"es"}]}},"_links":{"self":[{"href":"https:\/\/pruebas.dosocero.com\/index.php\/wp-json\/wp\/v2\/pages\/1005","targetHints":{"allow":["GET"]}}],"collection":[{"href":"https:\/\/pruebas.dosocero.com\/index.php\/wp-json\/wp\/v2\/pages"}],"about":[{"href":"https:\/\/pruebas.dosocero.com\/index.php\/wp-json\/wp\/v2\/types\/page"}],"author":[{"embeddable":true,"href":"https:\/\/pruebas.dosocero.com\/index.php\/wp-json\/wp\/v2\/users\/1"}],"replies":[{"embeddable":true,"href":"https:\/\/pruebas.dosocero.com\/index.php\/wp-json\/wp\/v2\/comments?post=1005"}],"version-history":[{"count":3,"href":"https:\/\/pruebas.dosocero.com\/index.php\/wp-json\/wp\/v2\/pages\/1005\/revisions"}],"predecessor-version":[{"id":1009,"href":"https:\/\/pruebas.dosocero.com\/index.php\/wp-json\/wp\/v2\/pages\/1005\/revisions\/1009"}],"wp:attachment":[{"href":"https:\/\/pruebas.dosocero.com\/index.php\/wp-json\/wp\/v2\/media?parent=1005"}],"curies":[{"name":"wp","href":"https:\/\/api.w.org\/{rel}","templated":true}]}}