{"id":953,"date":"2026-03-11T13:47:14","date_gmt":"2026-03-11T13:47:14","guid":{"rendered":"https:\/\/pruebas.dosocero.com\/?page_id=953"},"modified":"2026-04-13T12:57:33","modified_gmt":"2026-04-13T12:57:33","slug":"el-jurado","status":"publish","type":"page","link":"https:\/\/pruebas.dosocero.com\/index.php\/el-jurado\/","title":{"rendered":"EL JURADO"},"content":{"rendered":"<p>[et_pb_section fb_built=\u00bb1&#8243; custom_padding_last_edited=\u00bbon|phone\u00bb admin_label=\u00bbGallery\u00bb _builder_version=\u00bb4.27.5&#8243; _module_preset=\u00bbdefault\u00bb background_image=\u00bbhttps:\/\/pruebas.dosocero.com\/wp-content\/uploads\/2026\/03\/BANNER-scaled.png\u00bb custom_padding=\u00bb50px||50px||true|\u00bb custom_padding_tablet=\u00bb50px||50px||true|\u00bb custom_padding_phone=\u00bb10px||10px||true|false\u00bb locked=\u00bboff\u00bb collapsed=\u00bbon\u00bb global_colors_info=\u00bb{}\u00bb][et_pb_row _builder_version=\u00bb4.27.5&#8243; _module_preset=\u00bbdefault\u00bb custom_padding=\u00bb35px||50px|||\u00bb animation_style=\u00bbslide\u00bb locked=\u00bboff\u00bb global_colors_info=\u00bb{}\u00bb][et_pb_column type=\u00bb4_4&#8243; _builder_version=\u00bb4.27.5&#8243; _module_preset=\u00bbdefault\u00bb background_color=\u00bb#FFFFFF\u00bb custom_padding=\u00bb50px|50px|50px|50px|true|true\u00bb custom_padding_tablet=\u00bb30px|30px|30px|30px|true|true\u00bb custom_padding_phone=\u00bb20px|20px|20px|20px|true|true\u00bb custom_padding_last_edited=\u00bbon|desktop\u00bb global_colors_info=\u00bb{}\u00bb][et_pb_text _builder_version=\u00bb4.27.5&#8243; _module_preset=\u00bbc16985e1-e0d6-4022-964d-e2bfc04fa633&#8243; header_font=\u00bbPlayfair Display|700|||||||\u00bb header_text_align=\u00bbcenter\u00bb header_text_color=\u00bb#000000&#8243; header_font_size=\u00bb65px\u00bb header_line_height=\u00bb1.1em\u00bb header_font_size_tablet=\u00bb40px\u00bb header_font_size_phone=\u00bb24px\u00bb header_font_size_last_edited=\u00bbon|desktop\u00bb global_colors_info=\u00bb{}\u00bb]<\/p>\n<h1><span>Jurado permanente del Premio de poes\u00eda <\/span><span>\u201cPaul Beckett\u201d<\/span><\/h1>\n<p>[\/et_pb_text][\/et_pb_column][\/et_pb_row][\/et_pb_section][et_pb_section fb_built=\u00bb1&#8243; admin_label=\u00bbServices\u00bb _builder_version=\u00bb4.16&#8243; custom_padding=\u00bb90px|0px|4px|0px||\u00bb global_colors_info=\u00bb{}\u00bb][et_pb_row column_structure=\u00bb1_2,1_2&#8243; custom_padding_last_edited=\u00bbon|phone\u00bb _builder_version=\u00bb4.27.5&#8243; max_width=\u00bb1440px\u00bb custom_margin=\u00bb|auto|0px|auto||\u00bb custom_padding=\u00bb3px||50px|||\u00bb custom_padding_tablet=\u00bb3px||50px|||\u00bb custom_padding_phone=\u00bb3px||0px||false|false\u00bb use_custom_width=\u00bbon\u00bb custom_width_px=\u00bb1440px\u00bb global_colors_info=\u00bb{}\u00bb][et_pb_column type=\u00bb1_2&#8243; _builder_version=\u00bb4.16&#8243; custom_padding=\u00bb|||\u00bb global_colors_info=\u00bb{}\u00bb custom_padding__hover=\u00bb|||\u00bb][et_pb_image src=\u00bbhttps:\/\/pruebas.dosocero.com\/wp-content\/uploads\/2026\/03\/Marina-Casado.png\u00bb title_text=\u00bbMarina Casado\u00bb force_fullwidth=\u00bbon\u00bb align_tablet=\u00bbcenter\u00bb align_phone=\u00bbcenter\u00bb align_last_edited=\u00bbon|desktop\u00bb _builder_version=\u00bb4.27.5&#8243; max_width_last_edited=\u00bboff|desktop\u00bb custom_margin=\u00bb|||\u00bb custom_margin_tablet=\u00bb60px|60px|60px|60px\u00bb custom_margin_last_edited=\u00bboff|desktop\u00bb custom_padding=\u00bb|||\u00bb animation_style=\u00bbslide\u00bb animation_direction=\u00bbleft\u00bb animation_intensity_slide=\u00bb4%\u00bb box_shadow_style=\u00bbpreset3&#8243; box_shadow_blur=\u00bb80px\u00bb global_colors_info=\u00bb{}\u00bb][\/et_pb_image][\/et_pb_column][et_pb_column type=\u00bb1_2&#8243; _builder_version=\u00bb4.16&#8243; custom_padding=\u00bb|||\u00bb global_colors_info=\u00bb{}\u00bb custom_padding__hover=\u00bb|||\u00bb][et_pb_text _builder_version=\u00bb4.27.5&#8243; text_font=\u00bb||||||||\u00bb header_font=\u00bb||||||||\u00bb header_3_font=\u00bbKarla|700||on|||||\u00bb header_3_text_color=\u00bb#8ecbde\u00bb header_3_font_size=\u00bb16px\u00bb header_3_letter_spacing=\u00bb1px\u00bb module_alignment=\u00bbright\u00bb custom_margin=\u00bb40px||20px|\u00bb custom_padding=\u00bb|||\u00bb global_colors_info=\u00bb{}\u00bb]<\/p>\n<h3>Presidenta<\/h3>\n<p>[\/et_pb_text][et_pb_divider color=\u00bb#8ecbde\u00bb divider_weight=\u00bb2px\u00bb _builder_version=\u00bb4.27.5&#8243; max_width=\u00bb150px\u00bb height=\u00bb2px\u00bb custom_margin=\u00bb|||\u00bb custom_padding=\u00bb|||-80px\u00bb custom_padding_tablet=\u00bb|0px||\u00bb custom_padding_last_edited=\u00bboff|desktop\u00bb global_colors_info=\u00bb{}\u00bb][\/et_pb_divider][et_pb_text _builder_version=\u00bb4.27.5&#8243; _module_preset=\u00bbb327cbe4-b1d5-4b66-ad37-40c8f2f061ba\u00bb header_font=\u00bbPlayfair Display||||||||\u00bb header_text_align=\u00bbleft\u00bb header_2_font=\u00bbPlayfair Display|700|||||||\u00bb header_2_text_align=\u00bbleft\u00bb header_2_text_color=\u00bb#000000&#8243; header_2_font_size=\u00bb30px\u00bb header_2_line_height=\u00bb1.35em\u00bb text_orientation=\u00bbcenter\u00bb custom_margin=\u00bb||35px||false|false\u00bb header_2_font_size_tablet=\u00bb32px\u00bb header_2_font_size_phone=\u00bb30px\u00bb header_2_font_size_last_edited=\u00bbon|desktop\u00bb locked=\u00bboff\u00bb global_colors_info=\u00bb{}\u00bb]<\/p>\n<h2 class=\"lp-h3\">Marina Casado<\/h2>\n<p>[\/et_pb_text][et_pb_text _builder_version=\u00bb4.27.5&#8243; _module_preset=\u00bb1f09816e-184e-4ce5-a4cf-b39c52c423ca\u00bb text_font=\u00bbMontserrat|300|||||||\u00bb text_line_height=\u00bb1.8em\u00bb background_color=\u00bb#FFFFFF\u00bb text_orientation=\u00bbjustified\u00bb custom_margin=\u00bb-25px|0px||0px|false|false\u00bb custom_padding=\u00bb|0px||0px|false|false\u00bb text_font_size_tablet=\u00bb15px\u00bb text_font_size_phone=\u00bb13px\u00bb text_font_size_last_edited=\u00bbon|phone\u00bb text_line_height_tablet=\u00bb1.8em\u00bb text_line_height_phone=\u00bb1.5em\u00bb text_line_height_last_edited=\u00bbon|phone\u00bb header_font_size_tablet=\u00bb55px\u00bb header_font_size_last_edited=\u00bboff|desktop\u00bb locked=\u00bboff\u00bb global_colors_info=\u00bb{}\u00bb]<\/p>\n<p><span>Madrid, 1989. Profesora, periodista, fil\u00f3loga y doctora en Literatura Espa\u00f1ola por la Universidad Complutense de Madrid, con una tesis sobre Rafael Alberti que en 2018 se public\u00f3 en forma de ensayo con Ediciones de la Torre: La nostalgia inseparable de Rafael Alberti. Oscuridad y exilio \u00edntimo en su obra. Autora de ocho poemarios publicados, entre los cuales destacan Este mar al final de los espejos (Torremozas, 2020, Premio Carmen Conde), Entra la noche (Celya, 2023, Premio Le\u00f3n Felipe), Otros sabr\u00e1n de m\u00ed (Fundaci\u00f3n Valpara\u00edso, 2023, Premio Paul Beckett) y Un mar que nadie mira (Reino de Cordelia, 2025, Premio Kutxa Ciudad de Ir\u00fan). Ha publicado dos novelas: Los doce reinos del tiempo (Ediciones de la Torre, 2021) y La manzana de Eris (Cuadernos del Laberinto, 2022). Es columnista en Prensa Ib\u00e9rica. Ha colaborado en El Pa\u00eds y SER Henares.<\/span><\/p>\n<p>[\/et_pb_text][\/et_pb_column][\/et_pb_row][et_pb_row column_structure=\u00bb1_2,1_2&#8243; custom_padding_last_edited=\u00bbon|phone\u00bb _builder_version=\u00bb4.27.5&#8243; max_width=\u00bb1440px\u00bb custom_margin=\u00bb|auto|0px|auto||\u00bb custom_padding=\u00bb||50px|||\u00bb custom_padding_tablet=\u00bb||50px|||\u00bb custom_padding_phone=\u00bb50px||||false|false\u00bb custom_css_main_element=\u00bbdisplay: flex;||flex-wrap: wrap;\u00bb use_custom_width=\u00bbon\u00bb custom_width_px=\u00bb1440px\u00bb global_colors_info=\u00bb{}\u00bb][et_pb_column type=\u00bb1_2&#8243; _builder_version=\u00bb4.27.5&#8243; custom_padding=\u00bb|||\u00bb global_colors_info=\u00bb{}\u00bb custom_padding__hover=\u00bb|||\u00bb custom_css_main_element_last_edited=\u00bbon|phone\u00bb custom_css_main_element_tablet=\u00bborder: 1;\u00bb custom_css_main_element_phone=\u00bborder: 1;\u00bb][et_pb_text _builder_version=\u00bb4.27.5&#8243; text_font=\u00bb||||||||\u00bb header_font=\u00bb||||||||\u00bb header_3_font=\u00bbKarla|700||on|||||\u00bb header_3_text_color=\u00bb#8ecbde\u00bb header_3_font_size=\u00bb16px\u00bb header_3_letter_spacing=\u00bb1px\u00bb text_orientation=\u00bbright\u00bb module_alignment=\u00bbright\u00bb custom_margin=\u00bb40px||20px|\u00bb custom_padding=\u00bb|||\u00bb header_3_text_align_tablet=\u00bb\u00bb header_3_text_align_phone=\u00bbleft\u00bb header_3_text_align_last_edited=\u00bbon|phone\u00bb locked=\u00bboff\u00bb global_colors_info=\u00bb{}\u00bb]<\/p>\n<h3>SECRETARIO<\/h3>\n<p>[\/et_pb_text][et_pb_divider color=\u00bb#8ecbde\u00bb divider_weight=\u00bb2px\u00bb _builder_version=\u00bb4.27.5&#8243; transform_scale=\u00bb125%|100%\u00bb transform_scale_tablet=\u00bb125%|100%\u00bb transform_scale_phone=\u00bb100%|100%\u00bb transform_scale_last_edited=\u00bbon|phone\u00bb transform_scale_linked=\u00bboff\u00bb transform_translate=\u00bb25px|0px\u00bb transform_translate_tablet=\u00bb25px|0px\u00bb transform_translate_phone=\u00bb0px|0px\u00bb transform_translate_last_edited=\u00bbon|phone\u00bb transform_translate_linked=\u00bboff\u00bb transform_rotate_tablet=\u00bb\u00bb transform_rotate_phone=\u00bb\u00bb transform_rotate_last_edited=\u00bbon|phone\u00bb transform_skew_tablet=\u00bb\u00bb transform_skew_phone=\u00bb\u00bb transform_skew_last_edited=\u00bbon|phone\u00bb transform_origin_tablet=\u00bb\u00bb transform_origin_phone=\u00bb\u00bb transform_origin_last_edited=\u00bbon|phone\u00bb transform_styles_last_edited=\u00bbon|phone\u00bb max_width=\u00bb150px\u00bb module_alignment=\u00bbright\u00bb height=\u00bb2px\u00bb custom_margin=\u00bb|||\u00bb custom_padding=\u00bb|-60px||\u00bb custom_padding_tablet=\u00bb|0px||\u00bb custom_padding_last_edited=\u00bboff|desktop\u00bb transform_styles_tablet=\u00bb\u00bb transform_styles_phone=\u00bb\u00bb module_alignment_tablet=\u00bbright\u00bb module_alignment_phone=\u00bbleft\u00bb module_alignment_last_edited=\u00bbon|phone\u00bb locked=\u00bboff\u00bb global_colors_info=\u00bb{}\u00bb][\/et_pb_divider][et_pb_text _builder_version=\u00bb4.27.5&#8243; _module_preset=\u00bbb327cbe4-b1d5-4b66-ad37-40c8f2f061ba\u00bb header_font=\u00bbPlayfair Display||||||||\u00bb header_text_align=\u00bbleft\u00bb header_2_font=\u00bbPlayfair Display|700|||||||\u00bb header_2_text_align=\u00bbright\u00bb header_2_text_color=\u00bb#000000&#8243; header_2_font_size=\u00bb30px\u00bb header_2_line_height=\u00bb1.35em\u00bb text_orientation=\u00bbcenter\u00bb custom_margin=\u00bb||35px||false|false\u00bb header_2_text_align_tablet=\u00bbright\u00bb header_2_text_align_phone=\u00bbleft\u00bb header_2_text_align_last_edited=\u00bbon|phone\u00bb header_2_font_size_tablet=\u00bb32px\u00bb header_2_font_size_phone=\u00bb30px\u00bb header_2_font_size_last_edited=\u00bbon|desktop\u00bb locked=\u00bboff\u00bb global_colors_info=\u00bb{}\u00bb]<\/p>\n<h2 class=\"lp-h3\">Francisco Jos\u00e9 Mart\u00ednez Mor\u00e1n<\/h2>\n<p>[\/et_pb_text][et_pb_text _builder_version=\u00bb4.27.5&#8243; _module_preset=\u00bb1f09816e-184e-4ce5-a4cf-b39c52c423ca\u00bb text_font=\u00bbMontserrat|300|||||||\u00bb text_line_height=\u00bb1.8em\u00bb background_color=\u00bb#FFFFFF\u00bb text_orientation=\u00bbjustified\u00bb custom_margin=\u00bb-25px|0px||0px|false|false\u00bb custom_padding=\u00bb|0px||0px|false|false\u00bb text_font_size_tablet=\u00bb15px\u00bb text_font_size_phone=\u00bb13px\u00bb text_font_size_last_edited=\u00bbon|phone\u00bb text_line_height_tablet=\u00bb1.8em\u00bb text_line_height_phone=\u00bb1.5em\u00bb text_line_height_last_edited=\u00bbon|phone\u00bb header_font_size_tablet=\u00bb55px\u00bb header_font_size_last_edited=\u00bboff|desktop\u00bb locked=\u00bboff\u00bb global_colors_info=\u00bb{}\u00bb]<\/p>\n<p>Madrid, 1981. Doctor en Literatura Comparada, docente y asesor ISMIE en la Consejer\u00eda de Educaci\u00f3n de la Comunidad de Madrid. Ha publicado los poemarios <em>Variadas posiciones del amante<\/em> (Premio de Poes\u00eda Joven F\u00e9lix Grande, 2006), <em>Tras la puerta tapiada<\/em> (Premio Hiperi\u00f3n, 2009), <em>Obligaci\u00f3n<\/em> (Polibea, 2013), <em>Tacha<\/em> (Renacimiento, 2018), <em>Los cuadernos del fr\u00edo <\/em>(BajAmar, 2021),<em> No <\/em>(Pre-Textos, Premio Internacional de Poes\u00eda Francisco Brines, 2021), <em>F\u00e1bula del fragmento<\/em> (Balduque, 2023) y <em>Cuaderno del que calla <\/em>(La Gar\u00faa, 2026)<em>. <\/em>En la actualidad dirige la colecci\u00f3n de poes\u00eda De luz, piedra y espejo en la Editorial de la Universidad de Alcal\u00e1. Adem\u00e1s de prosista y gestor cultural, es colaborador habitual de numerosas revistas literarias (<em>An\u00e1fora<\/em>, <em>Quimera<\/em>, <em>Para\u00edso<\/em>, etc.), as\u00ed como de Cadena SER Henares.<\/p>\n<p>[\/et_pb_text][\/et_pb_column][et_pb_column type=\u00bb1_2&#8243; _builder_version=\u00bb4.16&#8243; custom_padding=\u00bb|||\u00bb global_colors_info=\u00bb{}\u00bb custom_padding__hover=\u00bb|||\u00bb][et_pb_image src=\u00bbhttps:\/\/pruebas.dosocero.com\/wp-content\/uploads\/2026\/03\/Francisco-Jose-Martinez-Moran.png\u00bb title_text=\u00bbFrancisco Jos\u00e9 Mart\u00ednez Mor\u00e1n\u00bb force_fullwidth=\u00bbon\u00bb align_tablet=\u00bbcenter\u00bb align_phone=\u00bbcenter\u00bb align_last_edited=\u00bbon|desktop\u00bb _builder_version=\u00bb4.27.5&#8243; max_width_last_edited=\u00bboff|desktop\u00bb custom_margin=\u00bb|||\u00bb custom_margin_tablet=\u00bb60px|60px|60px|60px\u00bb custom_margin_last_edited=\u00bboff|desktop\u00bb custom_padding=\u00bb|||\u00bb animation_style=\u00bbslide\u00bb animation_direction=\u00bbleft\u00bb animation_intensity_slide=\u00bb4%\u00bb box_shadow_style=\u00bbpreset3&#8243; box_shadow_blur=\u00bb80px\u00bb global_colors_info=\u00bb{}\u00bb][\/et_pb_image][\/et_pb_column][\/et_pb_row][et_pb_row column_structure=\u00bb1_2,1_2&#8243; custom_padding_last_edited=\u00bbon|phone\u00bb _builder_version=\u00bb4.27.5&#8243; max_width=\u00bb1440px\u00bb custom_margin=\u00bb100px|auto|0px|auto|false|false\u00bb custom_margin_tablet=\u00bb100px|auto|0px|auto|false|false\u00bb custom_margin_phone=\u00bb0px||||false|false\u00bb custom_margin_last_edited=\u00bbon|desktop\u00bb custom_padding=\u00bb3px||50px|||\u00bb custom_padding_tablet=\u00bb3px||50px|||\u00bb custom_padding_phone=\u00bb3px||0px||false|false\u00bb use_custom_width=\u00bbon\u00bb custom_width_px=\u00bb1440px\u00bb global_colors_info=\u00bb{}\u00bb][et_pb_column type=\u00bb1_2&#8243; _builder_version=\u00bb4.16&#8243; custom_padding=\u00bb|||\u00bb global_colors_info=\u00bb{}\u00bb custom_padding__hover=\u00bb|||\u00bb][et_pb_image src=\u00bbhttps:\/\/pruebas.dosocero.com\/wp-content\/uploads\/2026\/03\/VERONICA-ARANDA.png\u00bb title_text=\u00bbVERONICA ARANDA\u00bb force_fullwidth=\u00bbon\u00bb align_tablet=\u00bbcenter\u00bb align_phone=\u00bbcenter\u00bb align_last_edited=\u00bbon|desktop\u00bb _builder_version=\u00bb4.27.5&#8243; max_width_last_edited=\u00bboff|desktop\u00bb custom_margin=\u00bb|||\u00bb custom_margin_tablet=\u00bb60px|60px|60px|60px\u00bb custom_margin_last_edited=\u00bboff|desktop\u00bb custom_padding=\u00bb|||\u00bb animation_style=\u00bbslide\u00bb animation_direction=\u00bbleft\u00bb animation_intensity_slide=\u00bb4%\u00bb box_shadow_style=\u00bbpreset3&#8243; box_shadow_blur=\u00bb80px\u00bb global_colors_info=\u00bb{}\u00bb][\/et_pb_image][\/et_pb_column][et_pb_column type=\u00bb1_2&#8243; _builder_version=\u00bb4.16&#8243; custom_padding=\u00bb|||\u00bb global_colors_info=\u00bb{}\u00bb custom_padding__hover=\u00bb|||\u00bb][et_pb_text _builder_version=\u00bb4.27.5&#8243; text_font=\u00bb||||||||\u00bb header_font=\u00bb||||||||\u00bb header_3_font=\u00bbKarla|700||on|||||\u00bb header_3_text_color=\u00bb#8ecbde\u00bb header_3_font_size=\u00bb16px\u00bb header_3_letter_spacing=\u00bb1px\u00bb module_alignment=\u00bbright\u00bb custom_margin=\u00bb40px||20px|\u00bb custom_margin_tablet=\u00bb40px||20px|\u00bb custom_margin_phone=\u00bb20px||20px||false|false\u00bb custom_margin_last_edited=\u00bbon|phone\u00bb custom_padding=\u00bb|||\u00bb global_colors_info=\u00bb{}\u00bb]<\/p>\n<h3>VOCAL<\/h3>\n<p>[\/et_pb_text][et_pb_divider color=\u00bb#8ecbde\u00bb divider_weight=\u00bb2px\u00bb _builder_version=\u00bb4.27.5&#8243; max_width=\u00bb150px\u00bb height=\u00bb2px\u00bb custom_margin=\u00bb|||\u00bb custom_padding=\u00bb|||-80px\u00bb custom_padding_tablet=\u00bb|0px||\u00bb custom_padding_last_edited=\u00bboff|desktop\u00bb global_colors_info=\u00bb{}\u00bb][\/et_pb_divider][et_pb_text _builder_version=\u00bb4.27.5&#8243; _module_preset=\u00bbb327cbe4-b1d5-4b66-ad37-40c8f2f061ba\u00bb header_font=\u00bbPlayfair Display||||||||\u00bb header_text_align=\u00bbleft\u00bb header_2_font=\u00bbPlayfair Display|700|||||||\u00bb header_2_text_align=\u00bbleft\u00bb header_2_text_color=\u00bb#000000&#8243; header_2_font_size=\u00bb30px\u00bb header_2_line_height=\u00bb1.35em\u00bb text_orientation=\u00bbcenter\u00bb custom_margin=\u00bb||35px||false|false\u00bb header_2_font_size_tablet=\u00bb32px\u00bb header_2_font_size_phone=\u00bb30px\u00bb header_2_font_size_last_edited=\u00bbon|desktop\u00bb locked=\u00bboff\u00bb global_colors_info=\u00bb{}\u00bb]<\/p>\n<h2 class=\"lp-h3\">Ver\u00f3nica Aranda<\/h2>\n<p>[\/et_pb_text][et_pb_text _builder_version=\u00bb4.27.5&#8243; _module_preset=\u00bb1f09816e-184e-4ce5-a4cf-b39c52c423ca\u00bb text_font=\u00bbMontserrat|300|||||||\u00bb text_line_height=\u00bb1.8em\u00bb background_color=\u00bb#FFFFFF\u00bb text_orientation=\u00bbjustified\u00bb custom_margin=\u00bb-25px|0px||0px|false|false\u00bb custom_padding=\u00bb|0px||0px|false|false\u00bb text_font_size_tablet=\u00bb15px\u00bb text_font_size_phone=\u00bb13px\u00bb text_font_size_last_edited=\u00bbon|phone\u00bb text_line_height_tablet=\u00bb1.8em\u00bb text_line_height_phone=\u00bb1.5em\u00bb text_line_height_last_edited=\u00bbon|phone\u00bb header_font_size_tablet=\u00bb55px\u00bb header_font_size_last_edited=\u00bboff|desktop\u00bb locked=\u00bboff\u00bb global_colors_info=\u00bb{}\u00bb]<\/p>\n<p>Madrid, 1982. Es doctora en Estudios art\u00edsticos, literarios y de la cultura por la Universidad Aut\u00f3noma de Madrid (especialista en copla y fado), docente e investigadora. Ha recibido los premios internacionales de poes\u00eda: Antonio Carvajal, Antonio Oliver Belm\u00e1s, Miguel Hern\u00e1ndez, Ciudad de Salamanca, Leonor, Ciudad de Pamplona y el acc\u00e9sit del Adon\u00e1is. Entre la docena de poemarios que ha publicado, destacan: <em>Tatuaje<\/em> (Hiperi\u00f3n, 2005), <em>\u00c9pica de ra\u00edles <\/em>(Devenir, 2016), <em>Dibujar una isla <\/em>(Reino de Cordelia, 2017) y <em>Cobalto oscuro <\/em>(C\u00e9nlit, 2020). Traduce poes\u00eda portuguesa y gallega contempor\u00e1nea. Adem\u00e1s, cultiva el ensayo y la literatura de viajes, y colabora como cr\u00edtica literaria en varias revistas especializadas. Es directora de la colecci\u00f3n \u201cToda la noche se oyeron. Poes\u00eda Latinoamericana de ahora\u201d en la editorial Polibea.<\/p>\n<p>[\/et_pb_text][\/et_pb_column][\/et_pb_row][et_pb_row column_structure=\u00bb1_2,1_2&#8243; custom_padding_last_edited=\u00bbon|phone\u00bb _builder_version=\u00bb4.27.5&#8243; max_width=\u00bb1440px\u00bb custom_margin=\u00bb|auto|0px|auto||\u00bb custom_padding=\u00bb||50px|||\u00bb custom_padding_tablet=\u00bb||50px|||\u00bb custom_padding_phone=\u00bb50px||||false|false\u00bb custom_css_main_element=\u00bbdisplay: flex;||flex-wrap: wrap;\u00bb use_custom_width=\u00bbon\u00bb custom_width_px=\u00bb1440px\u00bb global_colors_info=\u00bb{}\u00bb][et_pb_column type=\u00bb1_2&#8243; _builder_version=\u00bb4.27.5&#8243; custom_padding=\u00bb|||\u00bb global_colors_info=\u00bb{}\u00bb custom_padding__hover=\u00bb|||\u00bb custom_css_main_element_last_edited=\u00bbon|phone\u00bb custom_css_main_element_tablet=\u00bborder: 1;\u00bb custom_css_main_element_phone=\u00bborder: 1;\u00bb][et_pb_text _builder_version=\u00bb4.27.5&#8243; text_font=\u00bb||||||||\u00bb header_font=\u00bb||||||||\u00bb header_3_font=\u00bbKarla|700||on|||||\u00bb header_3_text_color=\u00bb#8ecbde\u00bb header_3_font_size=\u00bb16px\u00bb header_3_letter_spacing=\u00bb1px\u00bb text_orientation=\u00bbright\u00bb module_alignment=\u00bbright\u00bb custom_margin=\u00bb40px||20px|\u00bb custom_padding=\u00bb|||\u00bb header_3_text_align_tablet=\u00bb\u00bb header_3_text_align_phone=\u00bbleft\u00bb header_3_text_align_last_edited=\u00bbon|phone\u00bb locked=\u00bboff\u00bb global_colors_info=\u00bb{}\u00bb]<\/p>\n<h3>VOCAL<\/h3>\n<p>[\/et_pb_text][et_pb_divider color=\u00bb#8ecbde\u00bb divider_weight=\u00bb2px\u00bb _builder_version=\u00bb4.27.5&#8243; transform_scale=\u00bb125%|100%\u00bb transform_scale_tablet=\u00bb125%|100%\u00bb transform_scale_phone=\u00bb100%|100%\u00bb transform_scale_last_edited=\u00bbon|phone\u00bb transform_scale_linked=\u00bboff\u00bb transform_translate=\u00bb25px|0px\u00bb transform_translate_tablet=\u00bb25px|0px\u00bb transform_translate_phone=\u00bb0px|0px\u00bb transform_translate_last_edited=\u00bbon|phone\u00bb transform_translate_linked=\u00bboff\u00bb transform_rotate_tablet=\u00bb\u00bb transform_rotate_phone=\u00bb\u00bb transform_rotate_last_edited=\u00bbon|phone\u00bb transform_skew_tablet=\u00bb\u00bb transform_skew_phone=\u00bb\u00bb transform_skew_last_edited=\u00bbon|phone\u00bb transform_origin_tablet=\u00bb\u00bb transform_origin_phone=\u00bb\u00bb transform_origin_last_edited=\u00bbon|phone\u00bb transform_styles_last_edited=\u00bbon|phone\u00bb max_width=\u00bb150px\u00bb module_alignment=\u00bbright\u00bb height=\u00bb2px\u00bb custom_margin=\u00bb|||\u00bb custom_padding=\u00bb|-60px||\u00bb custom_padding_tablet=\u00bb|0px||\u00bb custom_padding_last_edited=\u00bboff|desktop\u00bb transform_styles_tablet=\u00bb\u00bb transform_styles_phone=\u00bb\u00bb module_alignment_tablet=\u00bbright\u00bb module_alignment_phone=\u00bbleft\u00bb module_alignment_last_edited=\u00bbon|phone\u00bb locked=\u00bboff\u00bb global_colors_info=\u00bb{}\u00bb][\/et_pb_divider][et_pb_text _builder_version=\u00bb4.27.5&#8243; _module_preset=\u00bbb327cbe4-b1d5-4b66-ad37-40c8f2f061ba\u00bb header_font=\u00bbPlayfair Display||||||||\u00bb header_text_align=\u00bbleft\u00bb header_2_font=\u00bbPlayfair Display|700|||||||\u00bb header_2_text_align=\u00bbright\u00bb header_2_text_color=\u00bb#000000&#8243; header_2_font_size=\u00bb30px\u00bb header_2_line_height=\u00bb1.35em\u00bb text_orientation=\u00bbcenter\u00bb custom_margin=\u00bb||35px||false|false\u00bb header_2_text_align_tablet=\u00bbright\u00bb header_2_text_align_phone=\u00bbleft\u00bb header_2_text_align_last_edited=\u00bbon|phone\u00bb header_2_font_size_tablet=\u00bb32px\u00bb header_2_font_size_phone=\u00bb30px\u00bb header_2_font_size_last_edited=\u00bbon|desktop\u00bb locked=\u00bboff\u00bb global_colors_info=\u00bb{}\u00bb]<\/p>\n<h2 class=\"lp-h3\">Eduardo Balb\u00e1s de Arenaza<\/h2>\n<p>[\/et_pb_text][et_pb_text _builder_version=\u00bb4.27.5&#8243; _module_preset=\u00bb1f09816e-184e-4ce5-a4cf-b39c52c423ca\u00bb text_font=\u00bbMontserrat|300|||||||\u00bb text_line_height=\u00bb1.8em\u00bb background_color=\u00bb#FFFFFF\u00bb text_orientation=\u00bbjustified\u00bb custom_margin=\u00bb-25px|0px||0px|false|false\u00bb custom_padding=\u00bb|0px||0px|false|false\u00bb text_font_size_tablet=\u00bb15px\u00bb text_font_size_phone=\u00bb13px\u00bb text_font_size_last_edited=\u00bbon|phone\u00bb text_line_height_tablet=\u00bb1.8em\u00bb text_line_height_phone=\u00bb1.5em\u00bb text_line_height_last_edited=\u00bbon|phone\u00bb header_font_size_tablet=\u00bb55px\u00bb header_font_size_last_edited=\u00bboff|desktop\u00bb locked=\u00bboff\u00bb global_colors_info=\u00bb{}\u00bb]<\/p>\n<p>Nacido en Madrid, donde reside. Licenciado en Derecho por el CEU (Universidad Complutense). M.B.A. por Universidad de Berkeley (EE.UU.). Ha escrito art\u00edculos sobre Arte, Historia, Literatura, Pol\u00edtica y Econom\u00eda, publicados en diferentes peri\u00f3dicos y blogs. Tambi\u00e9n dio una conferencia sobre Arte Renacentista y otra en el Ateneo sobre la obra de Chesterton. Escribe un libro de pr\u00f3xima publicaci\u00f3n.<\/p>\n<p>[\/et_pb_text][\/et_pb_column][et_pb_column type=\u00bb1_2&#8243; _builder_version=\u00bb4.16&#8243; custom_padding=\u00bb|||\u00bb global_colors_info=\u00bb{}\u00bb custom_padding__hover=\u00bb|||\u00bb][et_pb_image src=\u00bbhttps:\/\/pruebas.dosocero.com\/wp-content\/uploads\/2026\/03\/EDUARDO-BALBAS.png\u00bb title_text=\u00bbEDUARDO BALB\u00c1S\u00bb force_fullwidth=\u00bbon\u00bb align_tablet=\u00bbcenter\u00bb align_phone=\u00bbcenter\u00bb align_last_edited=\u00bbon|desktop\u00bb _builder_version=\u00bb4.27.5&#8243; max_width_last_edited=\u00bboff|desktop\u00bb custom_margin=\u00bb|||\u00bb custom_margin_tablet=\u00bb60px|60px|60px|60px\u00bb custom_margin_last_edited=\u00bboff|desktop\u00bb custom_padding=\u00bb|||\u00bb animation_style=\u00bbslide\u00bb animation_direction=\u00bbleft\u00bb animation_intensity_slide=\u00bb4%\u00bb box_shadow_style=\u00bbpreset3&#8243; box_shadow_blur=\u00bb80px\u00bb global_colors_info=\u00bb{}\u00bb][\/et_pb_image][\/et_pb_column][\/et_pb_row][et_pb_row column_structure=\u00bb1_2,1_2&#8243; custom_padding_last_edited=\u00bbon|phone\u00bb _builder_version=\u00bb4.27.5&#8243; max_width=\u00bb1440px\u00bb custom_margin=\u00bb100px|auto|0px|auto|false|false\u00bb custom_margin_tablet=\u00bb100px|auto|0px|auto|false|false\u00bb custom_margin_phone=\u00bb0px||||false|false\u00bb custom_margin_last_edited=\u00bbon|desktop\u00bb custom_padding=\u00bb3px||50px|||\u00bb custom_padding_tablet=\u00bb3px||50px|||\u00bb custom_padding_phone=\u00bb3px||0px||false|false\u00bb use_custom_width=\u00bbon\u00bb custom_width_px=\u00bb1440px\u00bb global_colors_info=\u00bb{}\u00bb][et_pb_column type=\u00bb1_2&#8243; _builder_version=\u00bb4.16&#8243; custom_padding=\u00bb|||\u00bb global_colors_info=\u00bb{}\u00bb custom_padding__hover=\u00bb|||\u00bb][et_pb_image src=\u00bbhttps:\/\/pruebas.dosocero.com\/wp-content\/uploads\/2026\/03\/AMALIA-BAUTISTA.png\u00bb title_text=\u00bbAMALIA BAUTISTA\u00bb force_fullwidth=\u00bbon\u00bb align_tablet=\u00bbcenter\u00bb align_phone=\u00bbcenter\u00bb align_last_edited=\u00bbon|desktop\u00bb _builder_version=\u00bb4.27.5&#8243; max_width_last_edited=\u00bboff|desktop\u00bb custom_margin=\u00bb|||\u00bb custom_margin_tablet=\u00bb60px|60px|60px|60px\u00bb custom_margin_last_edited=\u00bboff|desktop\u00bb custom_padding=\u00bb|||\u00bb animation_style=\u00bbslide\u00bb animation_direction=\u00bbleft\u00bb animation_intensity_slide=\u00bb4%\u00bb box_shadow_style=\u00bbpreset3&#8243; box_shadow_blur=\u00bb80px\u00bb global_colors_info=\u00bb{}\u00bb][\/et_pb_image][et_pb_text _builder_version=\u00bb4.27.5&#8243; _module_preset=\u00bb1f09816e-184e-4ce5-a4cf-b39c52c423ca\u00bb text_font=\u00bbMontserrat|300|||||||\u00bb text_font_size=\u00bb13px\u00bb text_line_height=\u00bb1.8em\u00bb background_enable_color=\u00bboff\u00bb text_orientation=\u00bbjustified\u00bb custom_margin=\u00bb-25px|0px||0px|false|false\u00bb custom_padding=\u00bb|0px||0px|false|false\u00bb text_font_size_tablet=\u00bb15px\u00bb text_font_size_phone=\u00bb13px\u00bb text_font_size_last_edited=\u00bbon|phone\u00bb text_line_height_tablet=\u00bb1.8em\u00bb text_line_height_phone=\u00bb1.5em\u00bb text_line_height_last_edited=\u00bbon|phone\u00bb header_font_size_tablet=\u00bb55px\u00bb header_font_size_last_edited=\u00bboff|desktop\u00bb locked=\u00bboff\u00bb global_colors_info=\u00bb{}\u00bb]<\/p>\n<p>Foto de Elisa Ayala<\/p>\n<p>[\/et_pb_text][\/et_pb_column][et_pb_column type=\u00bb1_2&#8243; _builder_version=\u00bb4.16&#8243; custom_padding=\u00bb|||\u00bb global_colors_info=\u00bb{}\u00bb custom_padding__hover=\u00bb|||\u00bb][et_pb_text _builder_version=\u00bb4.27.5&#8243; text_font=\u00bb||||||||\u00bb header_font=\u00bb||||||||\u00bb header_3_font=\u00bbKarla|700||on|||||\u00bb header_3_text_color=\u00bb#8ecbde\u00bb header_3_font_size=\u00bb16px\u00bb header_3_letter_spacing=\u00bb1px\u00bb module_alignment=\u00bbright\u00bb custom_margin=\u00bb40px||20px|\u00bb custom_margin_tablet=\u00bb40px||20px|\u00bb custom_margin_phone=\u00bb0px||||false|false\u00bb custom_margin_last_edited=\u00bbon|phone\u00bb custom_padding=\u00bb|||\u00bb global_colors_info=\u00bb{}\u00bb]<\/p>\n<h3>VOCAL<\/h3>\n<p>[\/et_pb_text][et_pb_divider color=\u00bb#8ecbde\u00bb divider_weight=\u00bb2px\u00bb _builder_version=\u00bb4.27.5&#8243; max_width=\u00bb150px\u00bb height=\u00bb2px\u00bb custom_margin=\u00bb|||\u00bb custom_padding=\u00bb|||-80px\u00bb custom_padding_tablet=\u00bb|0px||\u00bb custom_padding_last_edited=\u00bboff|desktop\u00bb global_colors_info=\u00bb{}\u00bb][\/et_pb_divider][et_pb_text _builder_version=\u00bb4.27.5&#8243; _module_preset=\u00bbb327cbe4-b1d5-4b66-ad37-40c8f2f061ba\u00bb header_font=\u00bbPlayfair Display||||||||\u00bb header_text_align=\u00bbleft\u00bb header_2_font=\u00bbPlayfair Display|700|||||||\u00bb header_2_text_align=\u00bbleft\u00bb header_2_text_color=\u00bb#000000&#8243; header_2_font_size=\u00bb30px\u00bb header_2_line_height=\u00bb1.35em\u00bb text_orientation=\u00bbcenter\u00bb custom_margin=\u00bb||35px||false|false\u00bb header_2_font_size_tablet=\u00bb32px\u00bb header_2_font_size_phone=\u00bb30px\u00bb header_2_font_size_last_edited=\u00bbon|desktop\u00bb locked=\u00bboff\u00bb global_colors_info=\u00bb{}\u00bb]<\/p>\n<h2 class=\"lp-h3\">Amalia Bautista<\/h2>\n<p>[\/et_pb_text][et_pb_text _builder_version=\u00bb4.27.5&#8243; _module_preset=\u00bb1f09816e-184e-4ce5-a4cf-b39c52c423ca\u00bb text_font=\u00bbMontserrat|300|||||||\u00bb text_line_height=\u00bb1.8em\u00bb background_color=\u00bb#FFFFFF\u00bb text_orientation=\u00bbjustified\u00bb custom_margin=\u00bb-25px|0px||0px|false|false\u00bb custom_padding=\u00bb|0px||0px|false|false\u00bb text_font_size_tablet=\u00bb15px\u00bb text_font_size_phone=\u00bb13px\u00bb text_font_size_last_edited=\u00bbon|phone\u00bb text_line_height_tablet=\u00bb1.8em\u00bb text_line_height_phone=\u00bb1.5em\u00bb text_line_height_last_edited=\u00bbon|phone\u00bb header_font_size_tablet=\u00bb55px\u00bb header_font_size_last_edited=\u00bboff|desktop\u00bb locked=\u00bboff\u00bb global_colors_info=\u00bb{}\u00bb]<\/p>\n<p>Madrid, 1962. Es licenciada en Ciencias de la Informaci\u00f3n por la Universidad Complutense. Ha publicado libros como <em>C\u00e1rcel de amor<\/em> (Renacimiento, 1988), <em>Cu\u00e9ntamelo otra vez<\/em> (La Veleta, 1999), <em>Hilos de seda<\/em> (Renacimiento, 2003), <em>Estoy ausente<\/em> (Pre-Textos, 2004), <em>Pecados<\/em> (en colaboraci\u00f3n con Alberto Porlan; El Gaviero, 2005), <em>Tres deseos. Poes\u00eda reunida<\/em> (Renacimiento, 2006; segunda edici\u00f3n, 2010), <em>Roto Madrid<\/em> (con fotograf\u00edas de Jos\u00e9 del R\u00edo Mons; Renacimiento, 2008), <em>Falsa pimienta<\/em> (Renacimiento, 2013), <em>Azul el agua<\/em> (La Bella Varsovia, 2022) y el libro de poes\u00eda infantil <em>Floricela<\/em> (La Bella Varsovia, 2019). Poemas suyos han aparecido en diversas revistas y antolog\u00edas y han sido traducidos a varias lenguas. Sus libros han sido publicados en Portugal por la editorial Averno. Fue responsable de la edici\u00f3n de la antolog\u00eda <em>Juegos de inteligencia<\/em> (Renacimiento, 2011) de la poeta mexicana Rosario Castellanos.<\/p>\n<p>[\/et_pb_text][\/et_pb_column][\/et_pb_row][et_pb_row column_structure=\u00bb1_2,1_2&#8243; custom_padding_last_edited=\u00bbon|phone\u00bb _builder_version=\u00bb4.27.5&#8243; max_width=\u00bb1440px\u00bb custom_margin=\u00bb|auto|0px|auto||\u00bb custom_padding=\u00bb||50px|||\u00bb custom_padding_tablet=\u00bb||50px|||\u00bb custom_padding_phone=\u00bb50px||||false|false\u00bb custom_css_main_element=\u00bbdisplay: flex;||flex-wrap: wrap;\u00bb use_custom_width=\u00bbon\u00bb custom_width_px=\u00bb1440px\u00bb global_colors_info=\u00bb{}\u00bb][et_pb_column type=\u00bb1_2&#8243; _builder_version=\u00bb4.27.5&#8243; custom_padding=\u00bb|||\u00bb global_colors_info=\u00bb{}\u00bb custom_padding__hover=\u00bb|||\u00bb custom_css_main_element_last_edited=\u00bbon|phone\u00bb custom_css_main_element_tablet=\u00bborder: 1;\u00bb custom_css_main_element_phone=\u00bborder: 1;\u00bb][et_pb_text _builder_version=\u00bb4.27.5&#8243; text_font=\u00bb||||||||\u00bb header_font=\u00bb||||||||\u00bb header_3_font=\u00bbKarla|700||on|||||\u00bb header_3_text_color=\u00bb#8ecbde\u00bb header_3_font_size=\u00bb16px\u00bb header_3_letter_spacing=\u00bb1px\u00bb text_orientation=\u00bbright\u00bb module_alignment=\u00bbright\u00bb custom_margin=\u00bb40px||20px|\u00bb custom_padding=\u00bb|||\u00bb header_3_text_align_tablet=\u00bb\u00bb header_3_text_align_phone=\u00bbleft\u00bb header_3_text_align_last_edited=\u00bbon|phone\u00bb locked=\u00bboff\u00bb global_colors_info=\u00bb{}\u00bb]<\/p>\n<h3>VOCAL<\/h3>\n<p>[\/et_pb_text][et_pb_divider color=\u00bb#8ecbde\u00bb divider_weight=\u00bb2px\u00bb _builder_version=\u00bb4.27.5&#8243; transform_scale=\u00bb125%|100%\u00bb transform_scale_tablet=\u00bb125%|100%\u00bb transform_scale_phone=\u00bb100%|100%\u00bb transform_scale_last_edited=\u00bbon|phone\u00bb transform_scale_linked=\u00bboff\u00bb transform_translate=\u00bb25px|0px\u00bb transform_translate_tablet=\u00bb25px|0px\u00bb transform_translate_phone=\u00bb0px|0px\u00bb transform_translate_last_edited=\u00bbon|phone\u00bb transform_translate_linked=\u00bboff\u00bb transform_rotate_tablet=\u00bb\u00bb transform_rotate_phone=\u00bb\u00bb transform_rotate_last_edited=\u00bbon|phone\u00bb transform_skew_tablet=\u00bb\u00bb transform_skew_phone=\u00bb\u00bb transform_skew_last_edited=\u00bbon|phone\u00bb transform_origin_tablet=\u00bb\u00bb transform_origin_phone=\u00bb\u00bb transform_origin_last_edited=\u00bbon|phone\u00bb transform_styles_last_edited=\u00bbon|phone\u00bb max_width=\u00bb150px\u00bb module_alignment=\u00bbright\u00bb height=\u00bb2px\u00bb custom_margin=\u00bb|||\u00bb custom_padding=\u00bb|-60px||\u00bb custom_padding_tablet=\u00bb|0px||\u00bb custom_padding_last_edited=\u00bboff|desktop\u00bb transform_styles_tablet=\u00bb\u00bb transform_styles_phone=\u00bb\u00bb module_alignment_tablet=\u00bbright\u00bb module_alignment_phone=\u00bbleft\u00bb module_alignment_last_edited=\u00bbon|phone\u00bb locked=\u00bboff\u00bb global_colors_info=\u00bb{}\u00bb][\/et_pb_divider][et_pb_text _builder_version=\u00bb4.27.5&#8243; _module_preset=\u00bbb327cbe4-b1d5-4b66-ad37-40c8f2f061ba\u00bb header_font=\u00bbPlayfair Display||||||||\u00bb header_text_align=\u00bbleft\u00bb header_2_font=\u00bbPlayfair Display|700|||||||\u00bb header_2_text_align=\u00bbright\u00bb header_2_text_color=\u00bb#000000&#8243; header_2_font_size=\u00bb30px\u00bb header_2_line_height=\u00bb1.35em\u00bb text_orientation=\u00bbcenter\u00bb custom_margin=\u00bb||35px||false|false\u00bb header_2_text_align_tablet=\u00bbright\u00bb header_2_text_align_phone=\u00bbleft\u00bb header_2_text_align_last_edited=\u00bbon|phone\u00bb header_2_font_size_tablet=\u00bb32px\u00bb header_2_font_size_phone=\u00bb30px\u00bb header_2_font_size_last_edited=\u00bbon|desktop\u00bb locked=\u00bboff\u00bb global_colors_info=\u00bb{}\u00bb]<\/p>\n<h2 class=\"lp-h3\">Luisa Cruz Picallo<\/h2>\n<p>[\/et_pb_text][et_pb_text _builder_version=\u00bb4.27.5&#8243; _module_preset=\u00bb1f09816e-184e-4ce5-a4cf-b39c52c423ca\u00bb text_font=\u00bbMontserrat|300|||||||\u00bb text_line_height=\u00bb1.8em\u00bb background_color=\u00bb#FFFFFF\u00bb text_orientation=\u00bbjustified\u00bb custom_margin=\u00bb-25px|0px||0px|false|false\u00bb custom_padding=\u00bb|0px||0px|false|false\u00bb text_font_size_tablet=\u00bb15px\u00bb text_font_size_phone=\u00bb13px\u00bb text_font_size_last_edited=\u00bbon|phone\u00bb text_line_height_tablet=\u00bb1.8em\u00bb text_line_height_phone=\u00bb1.5em\u00bb text_line_height_last_edited=\u00bbon|phone\u00bb header_font_size_tablet=\u00bb55px\u00bb header_font_size_last_edited=\u00bboff|desktop\u00bb locked=\u00bboff\u00bb global_colors_info=\u00bb{}\u00bb]<\/p>\n<p>Nace en Palencia a principios de los a\u00f1os cuarenta. Cursa estudios de Filosof\u00eda y letras en la Universidad Complutense de Madrid. Tiene dos hijos de su primer matrimonio: Jos\u00e9 Luis y Juan Manuel, y tres nietos: Piki, Manu e Ignacio. Ha escrito libros de poes\u00eda: <em>Los d\u00edas robados<\/em>, <em>Cuaderno de guerra<\/em>, <em>Reg\u00e1lame, El camino de la vida<\/em>. Y en prosa, <em>El pa\u00eds del c\u00f3mo no, Mis amigas y otras extravagancias <\/em>y <em>Casas nuevas<\/em>. Ha publicado art\u00edculos y poemas en diversos medios de comunicaci\u00f3n. Ha vivido en Centroam\u00e9rica como esposa del embajador de Espa\u00f1a: Fernando \u00c1lvarez de Miranda. Actualmente reside en Madrid.<\/p>\n<p>[\/et_pb_text][\/et_pb_column][et_pb_column type=\u00bb1_2&#8243; _builder_version=\u00bb4.16&#8243; custom_padding=\u00bb|||\u00bb global_colors_info=\u00bb{}\u00bb custom_padding__hover=\u00bb|||\u00bb][et_pb_image src=\u00bbhttps:\/\/pruebas.dosocero.com\/wp-content\/uploads\/2026\/03\/LUISA-CRUZ-PICALLO.png\u00bb title_text=\u00bbLUISA CRUZ PICALLO\u00bb force_fullwidth=\u00bbon\u00bb align_tablet=\u00bbcenter\u00bb align_phone=\u00bbcenter\u00bb align_last_edited=\u00bbon|desktop\u00bb _builder_version=\u00bb4.27.5&#8243; max_width_last_edited=\u00bboff|desktop\u00bb custom_margin=\u00bb|||\u00bb custom_margin_tablet=\u00bb60px|60px|60px|60px\u00bb custom_margin_last_edited=\u00bboff|desktop\u00bb custom_padding=\u00bb|||\u00bb animation_style=\u00bbslide\u00bb animation_direction=\u00bbleft\u00bb animation_intensity_slide=\u00bb4%\u00bb box_shadow_style=\u00bbpreset3&#8243; box_shadow_blur=\u00bb80px\u00bb global_colors_info=\u00bb{}\u00bb][\/et_pb_image][\/et_pb_column][\/et_pb_row][et_pb_row column_structure=\u00bb1_2,1_2&#8243; custom_padding_last_edited=\u00bbon|phone\u00bb _builder_version=\u00bb4.27.5&#8243; max_width=\u00bb1440px\u00bb custom_margin=\u00bb100px|auto|0px|auto|false|false\u00bb custom_margin_tablet=\u00bb100px|auto|0px|auto|false|false\u00bb custom_margin_phone=\u00bb0px||||false|false\u00bb custom_margin_last_edited=\u00bbon|desktop\u00bb custom_padding=\u00bb3px||50px|||\u00bb custom_padding_tablet=\u00bb3px||50px|||\u00bb custom_padding_phone=\u00bb3px||0px||false|false\u00bb use_custom_width=\u00bbon\u00bb custom_width_px=\u00bb1440px\u00bb global_colors_info=\u00bb{}\u00bb][et_pb_column type=\u00bb1_2&#8243; _builder_version=\u00bb4.16&#8243; custom_padding=\u00bb|||\u00bb global_colors_info=\u00bb{}\u00bb custom_padding__hover=\u00bb|||\u00bb][et_pb_image src=\u00bbhttps:\/\/pruebas.dosocero.com\/wp-content\/uploads\/2026\/03\/Ricardo-Rodriguez-Diez.png\u00bb title_text=\u00bbRicardo Rodr\u00edguez Diez\u00bb force_fullwidth=\u00bbon\u00bb align_tablet=\u00bbcenter\u00bb align_phone=\u00bbcenter\u00bb align_last_edited=\u00bbon|desktop\u00bb _builder_version=\u00bb4.27.5&#8243; max_width_last_edited=\u00bboff|desktop\u00bb custom_margin=\u00bb|||\u00bb custom_margin_tablet=\u00bb60px|60px|60px|60px\u00bb custom_margin_last_edited=\u00bboff|desktop\u00bb custom_padding=\u00bb|||\u00bb animation_style=\u00bbslide\u00bb animation_direction=\u00bbleft\u00bb animation_intensity_slide=\u00bb4%\u00bb box_shadow_style=\u00bbpreset3&#8243; box_shadow_blur=\u00bb80px\u00bb global_colors_info=\u00bb{}\u00bb][\/et_pb_image][\/et_pb_column][et_pb_column type=\u00bb1_2&#8243; _builder_version=\u00bb4.16&#8243; custom_padding=\u00bb|||\u00bb global_colors_info=\u00bb{}\u00bb custom_padding__hover=\u00bb|||\u00bb][et_pb_text _builder_version=\u00bb4.27.5&#8243; text_font=\u00bb||||||||\u00bb header_font=\u00bb||||||||\u00bb header_3_font=\u00bbKarla|700||on|||||\u00bb header_3_text_color=\u00bb#8ecbde\u00bb header_3_font_size=\u00bb16px\u00bb header_3_letter_spacing=\u00bb1px\u00bb module_alignment=\u00bbright\u00bb custom_margin=\u00bb40px||20px|\u00bb custom_margin_tablet=\u00bb40px||20px|\u00bb custom_margin_phone=\u00bb0px||||false|false\u00bb custom_margin_last_edited=\u00bbon|phone\u00bb custom_padding=\u00bb|||\u00bb hover_enabled=\u00bb0&#8243; global_colors_info=\u00bb{}\u00bb sticky_enabled=\u00bb0&#8243;]<\/p>\n<h3><span data-olk-copy-source=\"MessageBody\">voz sin voto<\/span><\/h3>\n<p>[\/et_pb_text][et_pb_divider color=\u00bb#8ecbde\u00bb divider_weight=\u00bb2px\u00bb _builder_version=\u00bb4.27.5&#8243; max_width=\u00bb150px\u00bb height=\u00bb2px\u00bb custom_margin=\u00bb|||\u00bb custom_padding=\u00bb|||-80px\u00bb custom_padding_tablet=\u00bb|0px||\u00bb custom_padding_last_edited=\u00bboff|desktop\u00bb global_colors_info=\u00bb{}\u00bb][\/et_pb_divider][et_pb_text _builder_version=\u00bb4.27.5&#8243; _module_preset=\u00bbb327cbe4-b1d5-4b66-ad37-40c8f2f061ba\u00bb header_font=\u00bbPlayfair Display||||||||\u00bb header_text_align=\u00bbleft\u00bb header_2_font=\u00bbPlayfair Display|700|||||||\u00bb header_2_text_align=\u00bbleft\u00bb header_2_text_color=\u00bb#000000&#8243; header_2_font_size=\u00bb30px\u00bb header_2_line_height=\u00bb1.35em\u00bb text_orientation=\u00bbcenter\u00bb custom_margin=\u00bb||35px||false|false\u00bb header_2_font_size_tablet=\u00bb32px\u00bb header_2_font_size_phone=\u00bb30px\u00bb header_2_font_size_last_edited=\u00bbon|desktop\u00bb locked=\u00bboff\u00bb global_colors_info=\u00bb{}\u00bb]<\/p>\n<h2 class=\"lp-h3\">Ricardo Rodr\u00edguez D\u00edez<\/h2>\n<p>[\/et_pb_text][et_pb_text _builder_version=\u00bb4.27.5&#8243; _module_preset=\u00bb1f09816e-184e-4ce5-a4cf-b39c52c423ca\u00bb text_font=\u00bbMontserrat|300|||||||\u00bb text_line_height=\u00bb1.8em\u00bb background_color=\u00bb#FFFFFF\u00bb text_orientation=\u00bbjustified\u00bb custom_margin=\u00bb-25px|0px||0px|false|false\u00bb custom_padding=\u00bb|0px||0px|false|false\u00bb text_font_size_tablet=\u00bb15px\u00bb text_font_size_phone=\u00bb13px\u00bb text_font_size_last_edited=\u00bbon|phone\u00bb text_line_height_tablet=\u00bb1.8em\u00bb text_line_height_phone=\u00bb1.5em\u00bb text_line_height_last_edited=\u00bbon|phone\u00bb header_font_size_tablet=\u00bb55px\u00bb header_font_size_last_edited=\u00bboff|desktop\u00bb locked=\u00bboff\u00bb global_colors_info=\u00bb{}\u00bb]<\/p>\n<p><span>Ricardo Rodr\u00edguez Diez es empresario y abogado en ejercicio con m\u00e1s de 25 a\u00f1os de experiencia profesional en el asesoramiento jur\u00eddico a empresas y particulares, ejerciendo en la actualidad como secretario y patrono de la Fundaci\u00f3n Valpara\u00edso.<\/span><\/p>\n<p>[\/et_pb_text][\/et_pb_column][\/et_pb_row][\/et_pb_section]<\/p>\n","protected":false},"excerpt":{"rendered":"<p>Jurado permanente del Premio de poes\u00eda \u201cPaul Beckett\u201dPresidentaMarina CasadoMadrid, 1989. Profesora, periodista, fil\u00f3loga y doctora en Literatura Espa\u00f1ola por la Universidad Complutense de Madrid, con una tesis sobre Rafael Alberti que en 2018 se public\u00f3 en forma de ensayo con Ediciones de la Torre: La nostalgia inseparable de Rafael Alberti. Oscuridad y exilio \u00edntimo en [&hellip;]<\/p>\n","protected":false},"author":1,"featured_media":0,"parent":0,"menu_order":0,"comment_status":"closed","ping_status":"closed","template":"","meta":{"_et_pb_use_builder":"on","_et_pb_old_content":"<!-- wp:divi\/placeholder \/-->","_et_gb_content_width":"","footnotes":""},"class_list":["post-953","page","type-page","status-publish","hentry"],"yoast_head":"<!-- This site is optimized with the Yoast SEO plugin v26.9 - https:\/\/yoast.com\/product\/yoast-seo-wordpress\/ -->\n<title>EL JURADO - PRUEBAS<\/title>\n<meta name=\"robots\" content=\"index, follow, max-snippet:-1, max-image-preview:large, max-video-preview:-1\" \/>\n<link rel=\"canonical\" href=\"https:\/\/pruebas.dosocero.com\/index.php\/el-jurado\/\" \/>\n<meta property=\"og:locale\" content=\"es_ES\" \/>\n<meta property=\"og:type\" content=\"article\" \/>\n<meta property=\"og:title\" content=\"EL JURADO - PRUEBAS\" \/>\n<meta property=\"og:description\" content=\"Jurado permanente del Premio de poes\u00eda \u201cPaul Beckett\u201dPresidentaMarina CasadoMadrid, 1989. Profesora, periodista, fil\u00f3loga y doctora en Literatura Espa\u00f1ola por la Universidad Complutense de Madrid, con una tesis sobre Rafael Alberti que en 2018 se public\u00f3 en forma de ensayo con Ediciones de la Torre: La nostalgia inseparable de Rafael Alberti. Oscuridad y exilio \u00edntimo en [&hellip;]\" \/>\n<meta property=\"og:url\" content=\"https:\/\/pruebas.dosocero.com\/index.php\/el-jurado\/\" \/>\n<meta property=\"og:site_name\" content=\"PRUEBAS\" \/>\n<meta property=\"article:modified_time\" content=\"2026-04-13T12:57:33+00:00\" \/>\n<meta name=\"twitter:card\" content=\"summary_large_image\" \/>\n<script type=\"application\/ld+json\" class=\"yoast-schema-graph\">{\"@context\":\"https:\/\/schema.org\",\"@graph\":[{\"@type\":\"WebPage\",\"@id\":\"https:\/\/pruebas.dosocero.com\/index.php\/el-jurado\/\",\"url\":\"https:\/\/pruebas.dosocero.com\/index.php\/el-jurado\/\",\"name\":\"EL JURADO - PRUEBAS\",\"isPartOf\":{\"@id\":\"https:\/\/pruebas.dosocero.com\/#website\"},\"datePublished\":\"2026-03-11T13:47:14+00:00\",\"dateModified\":\"2026-04-13T12:57:33+00:00\",\"breadcrumb\":{\"@id\":\"https:\/\/pruebas.dosocero.com\/index.php\/el-jurado\/#breadcrumb\"},\"inLanguage\":\"es\",\"potentialAction\":[{\"@type\":\"ReadAction\",\"target\":[\"https:\/\/pruebas.dosocero.com\/index.php\/el-jurado\/\"]}]},{\"@type\":\"BreadcrumbList\",\"@id\":\"https:\/\/pruebas.dosocero.com\/index.php\/el-jurado\/#breadcrumb\",\"itemListElement\":[{\"@type\":\"ListItem\",\"position\":1,\"name\":\"Portada\",\"item\":\"https:\/\/pruebas.dosocero.com\/\"},{\"@type\":\"ListItem\",\"position\":2,\"name\":\"EL JURADO\"}]},{\"@type\":\"WebSite\",\"@id\":\"https:\/\/pruebas.dosocero.com\/#website\",\"url\":\"https:\/\/pruebas.dosocero.com\/\",\"name\":\"PRUEBAS\",\"description\":\"S&oacute;lo otro sitio de WordPress\",\"potentialAction\":[{\"@type\":\"SearchAction\",\"target\":{\"@type\":\"EntryPoint\",\"urlTemplate\":\"https:\/\/pruebas.dosocero.com\/?s={search_term_string}\"},\"query-input\":{\"@type\":\"PropertyValueSpecification\",\"valueRequired\":true,\"valueName\":\"search_term_string\"}}],\"inLanguage\":\"es\"}]}<\/script>\n<!-- \/ Yoast SEO plugin. -->","yoast_head_json":{"title":"EL JURADO - PRUEBAS","robots":{"index":"index","follow":"follow","max-snippet":"max-snippet:-1","max-image-preview":"max-image-preview:large","max-video-preview":"max-video-preview:-1"},"canonical":"https:\/\/pruebas.dosocero.com\/index.php\/el-jurado\/","og_locale":"es_ES","og_type":"article","og_title":"EL JURADO - PRUEBAS","og_description":"Jurado permanente del Premio de poes\u00eda \u201cPaul Beckett\u201dPresidentaMarina CasadoMadrid, 1989. Profesora, periodista, fil\u00f3loga y doctora en Literatura Espa\u00f1ola por la Universidad Complutense de Madrid, con una tesis sobre Rafael Alberti que en 2018 se public\u00f3 en forma de ensayo con Ediciones de la Torre: La nostalgia inseparable de Rafael Alberti. Oscuridad y exilio \u00edntimo en [&hellip;]","og_url":"https:\/\/pruebas.dosocero.com\/index.php\/el-jurado\/","og_site_name":"PRUEBAS","article_modified_time":"2026-04-13T12:57:33+00:00","twitter_card":"summary_large_image","schema":{"@context":"https:\/\/schema.org","@graph":[{"@type":"WebPage","@id":"https:\/\/pruebas.dosocero.com\/index.php\/el-jurado\/","url":"https:\/\/pruebas.dosocero.com\/index.php\/el-jurado\/","name":"EL JURADO - PRUEBAS","isPartOf":{"@id":"https:\/\/pruebas.dosocero.com\/#website"},"datePublished":"2026-03-11T13:47:14+00:00","dateModified":"2026-04-13T12:57:33+00:00","breadcrumb":{"@id":"https:\/\/pruebas.dosocero.com\/index.php\/el-jurado\/#breadcrumb"},"inLanguage":"es","potentialAction":[{"@type":"ReadAction","target":["https:\/\/pruebas.dosocero.com\/index.php\/el-jurado\/"]}]},{"@type":"BreadcrumbList","@id":"https:\/\/pruebas.dosocero.com\/index.php\/el-jurado\/#breadcrumb","itemListElement":[{"@type":"ListItem","position":1,"name":"Portada","item":"https:\/\/pruebas.dosocero.com\/"},{"@type":"ListItem","position":2,"name":"EL JURADO"}]},{"@type":"WebSite","@id":"https:\/\/pruebas.dosocero.com\/#website","url":"https:\/\/pruebas.dosocero.com\/","name":"PRUEBAS","description":"S&oacute;lo otro sitio de WordPress","potentialAction":[{"@type":"SearchAction","target":{"@type":"EntryPoint","urlTemplate":"https:\/\/pruebas.dosocero.com\/?s={search_term_string}"},"query-input":{"@type":"PropertyValueSpecification","valueRequired":true,"valueName":"search_term_string"}}],"inLanguage":"es"}]}},"_links":{"self":[{"href":"https:\/\/pruebas.dosocero.com\/index.php\/wp-json\/wp\/v2\/pages\/953","targetHints":{"allow":["GET"]}}],"collection":[{"href":"https:\/\/pruebas.dosocero.com\/index.php\/wp-json\/wp\/v2\/pages"}],"about":[{"href":"https:\/\/pruebas.dosocero.com\/index.php\/wp-json\/wp\/v2\/types\/page"}],"author":[{"embeddable":true,"href":"https:\/\/pruebas.dosocero.com\/index.php\/wp-json\/wp\/v2\/users\/1"}],"replies":[{"embeddable":true,"href":"https:\/\/pruebas.dosocero.com\/index.php\/wp-json\/wp\/v2\/comments?post=953"}],"version-history":[{"count":6,"href":"https:\/\/pruebas.dosocero.com\/index.php\/wp-json\/wp\/v2\/pages\/953\/revisions"}],"predecessor-version":[{"id":1055,"href":"https:\/\/pruebas.dosocero.com\/index.php\/wp-json\/wp\/v2\/pages\/953\/revisions\/1055"}],"wp:attachment":[{"href":"https:\/\/pruebas.dosocero.com\/index.php\/wp-json\/wp\/v2\/media?parent=953"}],"curies":[{"name":"wp","href":"https:\/\/api.w.org\/{rel}","templated":true}]}}